{"id":153,"date":"2021-01-07T19:38:21","date_gmt":"2021-01-07T19:38:21","guid":{"rendered":"http:\/\/inswiss.ch\/wordpress\/?page_id=153"},"modified":"2026-01-23T10:30:45","modified_gmt":"2026-01-23T10:30:45","slug":"ortopedia-mi-fortaleza","status":"publish","type":"page","link":"https:\/\/inswiss.ch\/wordpress\/?page_id=153","title":{"rendered":"Ortopedia Mi Fortaleza"},"content":{"rendered":"[vc_row type=&#8220;in_container&#8220; full_screen_row_position=&#8220;middle&#8220; column_margin=&#8220;default&#8220; column_direction=&#8220;default&#8220; column_direction_tablet=&#8220;default&#8220; column_direction_phone=&#8220;default&#8220; scene_position=&#8220;center&#8220; text_color=&#8220;dark&#8220; text_align=&#8220;left&#8220; row_border_radius=&#8220;none&#8220; row_border_radius_applies=&#8220;bg&#8220; overflow=&#8220;visible&#8220; overlay_strength=&#8220;0.3&#8243; gradient_direction=&#8220;left_to_right&#8220; shape_divider_position=&#8220;bottom&#8220; bg_image_animation=&#8220;none&#8220;][vc_column column_padding=&#8220;no-extra-padding&#8220; column_padding_tablet=&#8220;inherit&#8220; column_padding_phone=&#8220;inherit&#8220; column_padding_position=&#8220;all&#8220; column_element_direction_desktop=&#8220;default&#8220; column_element_spacing=&#8220;default&#8220; desktop_text_alignment=&#8220;default&#8220; tablet_text_alignment=&#8220;default&#8220; phone_text_alignment=&#8220;default&#8220; background_color_opacity=&#8220;1&#8243; background_hover_color_opacity=&#8220;1&#8243; column_backdrop_filter=&#8220;none&#8220; column_shadow=&#8220;none&#8220; column_border_radius=&#8220;none&#8220; column_link_target=&#8220;_self&#8220; column_position=&#8220;default&#8220; gradient_direction=&#8220;left_to_right&#8220; overlay_strength=&#8220;0.3&#8243; width=&#8220;1\/1&#8243; tablet_width_inherit=&#8220;default&#8220; animation_type=&#8220;default&#8220; bg_image_animation=&#8220;none&#8220; border_type=&#8220;simple&#8220; column_border_width=&#8220;none&#8220; column_border_style=&#8220;solid&#8220;][vc_column_text css=&#8220;&#8220; text_direction=&#8220;default&#8220;]<strong>ORTOPEDIA MI FORTALEZA<\/strong><\/p>\n<p>Nicht allzu weit weg vom Refugio de Esperanza konnte ein Haus erworben werden. Die R\u00e4ume wurden neu gestrichen und eingerichtet. Im Hof hinter dem Haus konnte noch eine Erweiterung gebaut werden, damit es mehr Platz gibt f\u00fcr die Metall-Werkstatt. Das Unternehmen \u00ab<strong>ORTOPEDIA MI FORTALEZA\u00bb<\/strong> kann beginnen.<br \/>\nJuan Carlos, wir haben ihn im Refugio de Esperanza kennengelernt, ist mit seiner Partnerin daran, noch den letzten Schliff zu geben.<\/p>\n<p><strong>\u00abMISSION\u00bb der Orthop\u00e4die-Werkstatt <em>Mi Fortalezza<\/em><\/strong><\/p>\n<p>Verbesserung des Lebens von Menschen mit unterschiedlichen F\u00e4higkeiten durch hochwertige Produkte und Dienstleistungen, um ihnen zu helfen, ihre Ziele zu erreichen.\u201c<\/p>\n<p><strong>Wer darf die Dienste der Werkstatt<em> Mi Fortaleza<\/em> in Anspruch nehmen??<\/strong><\/p>\n<ul>\n<li>Menschen mit irgendeiner Art von k\u00f6rperlicher Behinderung, unabh\u00e4ngig von der F\u00e4higkeit, die Dienstleistung bezahlen zu k\u00f6nnen.<\/li>\n<li>Menschen, die eine Physiotherapie ben\u00f6tigen.<\/li>\n<li>Menschen mit besonderen Bed\u00fcrfnissen.<\/li>\n<\/ul>\n<p><strong>Wer sind die Mitarbeiter<\/strong><\/p>\n<ul>\n<li>Juan Carlos Garay Re\u00e1tegui &#8211; Techniker und Leiter des Unternehmens Ortopedia<\/li>\n<li>Jenifer Fatima Miranda V\u00e1squez &#8211; Kundendienst und Auftragsdokumentation.<\/li>\n<li>Mar\u00eda Teresa Garay Re\u00e1tegui &#8211; Physiotherapeutin und Rehabilitation.<\/li>\n<li>Cesar Sandoval Picon &#8211; Rollstuhlreparatur- und Schweisstechniker.<\/li>\n<\/ul>\n[\/vc_column_text][vc_gallery css=&#8220;&#8220; type=&#8220;flexslider_style&#8220; images=&#8220;278,273,271,268&#8243; onclick=&#8220;link_image&#8220;][\/vc_column][\/vc_row]\n","protected":false},"excerpt":{"rendered":"<p>[vc_row type=&#8220;in_container&#8220; full_screen_row_position=&#8220;middle&#8220; column_margin=&#8220;default&#8220; column_direction=&#8220;default&#8220; column_direction_tablet=&#8220;default&#8220; column_direction_phone=&#8220;default&#8220; scene_position=&#8220;center&#8220; text_color=&#8220;dark&#8220; text_align=&#8220;left&#8220; row_border_radius=&#8220;none&#8220; row_border_radius_applies=&#8220;bg&#8220; overflow=&#8220;visible&#8220; overlay_strength=&#8220;0.3&#8243; gradient_direction=&#8220;left_to_right&#8220; shape_divider_position=&#8220;bottom&#8220; bg_image_animation=&#8220;none&#8220;][vc_column column_padding=&#8220;no-extra-padding&#8220; column_padding_tablet=&#8220;inherit&#8220; column_padding_phone=&#8220;inherit&#8220; column_padding_position=&#8220;all&#8220; column_element_direction_desktop=&#8220;default&#8220; column_element_spacing=&#8220;default&#8220; desktop_text_alignment=&#8220;default&#8220; tablet_text_alignment=&#8220;default&#8220; phone_text_alignment=&#8220;default&#8220; background_color_opacity=&#8220;1&#8243; background_hover_color_opacity=&#8220;1&#8243; column_backdrop_filter=&#8220;none&#8220; column_shadow=&#8220;none&#8220;&#8230;<\/p>\n","protected":false},"author":1,"featured_media":0,"parent":18,"menu_order":0,"comment_status":"closed","ping_status":"closed","template":"","meta":{"footnotes":""},"class_list":["post-153","page","type-page","status-publish"],"jetpack_sharing_enabled":true,"_links":{"self":[{"href":"https:\/\/inswiss.ch\/wordpress\/index.php?rest_route=\/wp\/v2\/pages\/153","targetHints":{"allow":["GET"]}}],"collection":[{"href":"https:\/\/inswiss.ch\/wordpress\/index.php?rest_route=\/wp\/v2\/pages"}],"about":[{"href":"https:\/\/inswiss.ch\/wordpress\/index.php?rest_route=\/wp\/v2\/types\/page"}],"author":[{"embeddable":true,"href":"https:\/\/inswiss.ch\/wordpress\/index.php?rest_route=\/wp\/v2\/users\/1"}],"replies":[{"embeddable":true,"href":"https:\/\/inswiss.ch\/wordpress\/index.php?rest_route=%2Fwp%2Fv2%2Fcomments&post=153"}],"version-history":[{"count":15,"href":"https:\/\/inswiss.ch\/wordpress\/index.php?rest_route=\/wp\/v2\/pages\/153\/revisions"}],"predecessor-version":[{"id":300,"href":"https:\/\/inswiss.ch\/wordpress\/index.php?rest_route=\/wp\/v2\/pages\/153\/revisions\/300"}],"up":[{"embeddable":true,"href":"https:\/\/inswiss.ch\/wordpress\/index.php?rest_route=\/wp\/v2\/pages\/18"}],"wp:attachment":[{"href":"https:\/\/inswiss.ch\/wordpress\/index.php?rest_route=%2Fwp%2Fv2%2Fmedia&parent=153"}],"curies":[{"name":"wp","href":"https:\/\/api.w.org\/{rel}","templated":true}]}}